{"id":2014,"date":"2025-03-30T20:16:40","date_gmt":"2025-03-30T19:16:40","guid":{"rendered":"https:\/\/www.beccaccia.hr\/?page_id=2014"},"modified":"2025-03-31T19:35:14","modified_gmt":"2025-03-31T18:35:14","slug":"izjava-o-privatnosti","status":"publish","type":"page","link":"https:\/\/www.beccaccia.hr\/hr\/izjava-o-privatnosti\/","title":{"rendered":"Izjava o privatnosti"},"content":{"rendered":"<p><span style=\"font-weight: 400;\">Beccaccia d.o.o.\u00a0 <\/span><span style=\"font-weight: 400;\">(u nastavku \u201emi\u201c, \u201enama\u201c, \u201ena\u0161\u201c, itd.) je vlasnik web stranice <\/span><span style=\"font-weight: 400;\">beccaccia.hr<\/span><span style=\"font-weight: 400;\"> (\u201eweb stranica\u201c). Stvorili smo ovu izjavu o privatnosti kako bismo pokazali da brinemo o privatnosti na\u0161ih korisnika te kako bismo ih informirali o na\u010dinima skupljanja i obrade osobnih podataka na ovoj web stranici.<\/span><\/p>\n<p><span style=\"font-weight: 400;\">Molimo vas da ovu Izjavu pro\u010ditate pa\u017eljivo kako biste saznali kako skupljamo, obra\u0111ujemo, \u0161titimo ili na bilo koji drugi na\u010din koristimo va\u0161e osobne podatke.<\/span><\/p>\n<p><b>Slu\u017ebenik za za\u0161titu podataka<\/b><\/p>\n<p><span style=\"font-weight: 400;\">Beccaccia d.o.o. <\/span><span style=\"font-weight: 400;\">je <\/span><span style=\"font-weight: 400;\">tvrtka <\/span><span style=\"font-weight: 400;\">registrirana u Republici Hrvatskoj. Imenovali smo slu\u017ebenika za za\u0161titu podataka kako biste ga mogli kontaktirati radi bilo kakvih pitanja ili pritu\u017ebi vezanih uz na\u0161u politiku privatnosti ili rukovanje osobnim podacima. Ime i kontaktne informacije na\u0161eg slu\u017ebenika za za\u0161titu podataka su:<\/span><\/p>\n<p><span style=\"font-weight: 400;\">Marko Radolovi\u0107<\/span><span style=\"font-weight: 400;\"><br \/>\n<\/span><span style=\"font-weight: 400;\">info@beccaccia.hr<\/span><\/p>\n<p><b>Prikupljanje podataka<\/b><\/p>\n<p><span style=\"font-weight: 400;\">Osobni podatak jest svaki podatak koji se odnosi na pojedinca \u010diji je identitet poznat ili se mo\u017ee utvrditi. Pojedinac \u010diji se identitet mo\u017ee utvrditi jest osoba koja se mo\u017ee identificirati izravno ili neizravno, osobito uz pomo\u0107 identifikatora kao \u0161to su ime, identifikacijski broj, podaci o lokaciji, mre\u017eni identifikator ili uz pomo\u0107 jednog ili vi\u0161e \u010dimbenika svojstvenih za fizi\u010dki, fiziolo\u0161ki, genetski, mentalni, ekonomski, kulturni ili socijalni identitet tog pojedinca.<\/span><\/p>\n<p><span style=\"font-weight: 400;\">Va\u0161e osobne podatke prikupljamo samo kada nam svojom voljom date takve informacije. Podatke o vama prikupljamo kada ispunite obrazac.<\/span><\/p>\n<p><span style=\"font-weight: 400;\">Trebali biste imati na umu da se neosobne informacije i podaci mogu automatski prikupljati putem na\u0161ih Internet servera ili kori\u0161tenjem \u201ekola\u010di\u0107a\u201c. Kliknite <\/span><span style=\"font-weight: 400;\">na link na dnu stranice <\/span><span style=\"font-weight: 400;\">kako biste pro\u010ditali na\u0161u politiku o kola\u010di\u0107ima.<\/span><\/p>\n<p><span style=\"font-weight: 400;\">Primjeri informacija o va\u0161em kori\u0161tenju stranice uklju\u010duju: najposje\u0107enije i najgledanije stranice i poveznice na na\u0161oj web stranici, broj ispunjenih obrazaca, vrijeme provedeno na stranici, najpopularnije klju\u010dne rije\u010di koji korisnike vode do na\u0161e stranice, va\u0161a IP adresa, informacije koje se skupljaju putem kola\u010di\u0107a, podaci va\u0161eg ure\u0111aja poput postavki hardwarea, sistemske aktivnosti, vrste pretra\u017eiva\u010da, itd.<\/span><\/p>\n<p><b>Obrada podataka<\/b><\/p>\n<p><span style=\"font-weight: 400;\">Podatke dobivene o vama koristimo u jednu ili vi\u0161e navedenih svrha:<\/span><\/p>\n<ul>\n<li style=\"font-weight: 400;\" aria-level=\"1\"><span style=\"font-weight: 400;\">Radi personalizacije va\u0161eg korisni\u010dkog iskustva (prikupljene informacije nam poma\u017eu da bolje odgovorimo na va\u0161e individualne potrebe);<\/span><\/li>\n<li style=\"font-weight: 400;\" aria-level=\"1\"><span style=\"font-weight: 400;\">Radi pobolj\u0161anja na\u0161e web stranice (trajno nastojimo pobolj\u0161ati ponudu na\u0161e web stranice na temelju povratnih informacija koje dobivamo od na\u0161ih posjetitelja);<\/span><\/li>\n<li style=\"font-weight: 400;\" aria-level=\"1\"><span style=\"font-weight: 400;\">Radi uspostave primarnog kanala komunikacije s vama;<\/span><\/li>\n<li style=\"font-weight: 400;\" aria-level=\"1\"><span style=\"font-weight: 400;\">Radi povremenog slanja e-poruka (koje se ti\u010du povremenog primanja vijesti (ako to \u017eelite), a\u017euriranja, informacija o sli\u010dnim proizvodima ili uslugama, itd.)<\/span><\/li>\n<\/ul>\n<p><b>Poveznice s tre\u0107im stranama<\/b><\/p>\n<p><span style=\"font-weight: 400;\">Na na\u0161oj web stranici ne nudimo niti pru\u017eamo usluge ili proizvode tre\u0107ih strana.<\/span><\/p>\n<p><b>Uporaba kola\u010di\u0107a<\/b><\/p>\n<p><span style=\"font-weight: 400;\">Kako biste saznali kako koristimo kola\u010di\u0107e, pro\u010ditajte na\u0161u politiku o kola\u010di\u0107ima klikom na link na dnu stranice.<\/span><\/p>\n<p><b>Za\u0161tita va\u0161ih podataka<\/b><\/p>\n<p><span style=\"font-weight: 400;\">Kako bismo za\u0161titili osobne podatke koje \u0161aljete preko ove web stranice, koristimo fizi\u010dke, tehni\u010dke i organizacijske mjere sigurnosti. Neprestano nadogra\u0111ujemo i testiramo na\u0161u sigurnosnu tehnologiju. Ograni\u010davamo pristup va\u0161im osobnim podacima samo onim zaposlenicima koji trebaju znati te informacije kako bi vam pru\u017eili neke koristi ili usluge. Osim toga, educiramo na\u0161e zaposlenike o va\u017enosti povjerljivosti podataka te \u010duvanju privatnosti i za\u0161titi va\u0161ih podataka.<\/span><\/p>\n<p><b>Pohrana i rok \u010duvanja podataka<\/b><\/p>\n<p><span style=\"font-weight: 400;\">Svi podaci su pohranjeni u bazama podataka i repozitorijima ove web stranice smje\u0161tene na serveru u Hrvatskoj. Pohranjene podatke ne\u0107emo prenijeti ili pohraniti u dr\u017eave izvan Europske Unije.<\/span><\/p>\n<p><span style=\"font-weight: 400;\">Va\u0161e osobne podatke \u010duvamo i \u0161titimo za vrijeme trajanja va\u0161eg poslovnog odnosa s nama. Osobne podatke koje ste nam dali u poslovne ili kontaktne svrhe redovito bri\u0161emo nakon 12 mjeseci od dana kad ste nam dali te podatke.<\/span><\/p>\n<p><b>Prava pojedinaca<\/b><\/p>\n<p><span style=\"font-weight: 400;\">Ako \u017eelite znati posjedujemo li i obra\u0111ujemo va\u0161e osobne podatke, ili ako \u017eelite pristupiti osobnim podacima koje imamo o vama, molimo vas da nas kontaktirate na <\/span><span style=\"font-weight: 400;\">info@beccaccia.hr<\/span><span style=\"font-weight: 400;\">.<\/span><\/p>\n<p><span style=\"font-weight: 400;\">Tako\u0111er mo\u017eete zahtijevati informacije o: svrsi obrade podataka, kategorijama osobnih podataka pod obradom; tko je jo\u0161 izvan na\u0161e tvrtke primio va\u0161e osobne podatke od nas; koji je izvor osobnih podataka (ako ih niste izravno dali nama); i kako dugo \u0107emo \u010duvati podatke. Imate pravo na ispravak osobnih podataka koje posjedujemo ako su oni neto\u010dni. Tako\u0111er mo\u017eete, uz odre\u0111ene iznimke, zatra\u017eiti da izbri\u0161emo va\u0161e podatke ili prestanemo s njihovom obradom. Mo\u017eete tra\u017eiti da prestanemo koristiti va\u0161e osobne podatke u svrhe izravnog marketinga. U mnogim dr\u017eavama imate pravo poslati pritu\u017ebu nadle\u017enom tijelu za za\u0161titu podataka ako niste zadovoljni na\u010dinom kako postupamo s va\u0161im osobnim podacima. Ako je tehni\u010dki izvedivo, mi \u0107emo na temelju va\u0161eg zahtjeva poslati vam va\u0161e osobne podatke ili ih prenijeti izravno na drugog voditelja obrade.<\/span><\/p>\n<p><span style=\"font-weight: 400;\">Ako nam podnesete zahtjev za slanje va\u0161ih osobnih podataka na <\/span><span style=\"font-weight: 400;\">info@beccaccia.hr<\/span><span style=\"font-weight: 400;\">, udovoljit \u0107emo tom zahtjevu besplatno. Ako ne mo\u017eemo udovoljiti va\u0161em zahtjevu u razumnom roku, obavijestit \u0107emo vas o datumu kada \u0107emo udovoljiti zahtjevu. Ako iz nekog razlog na mo\u017eemo ispuniti va\u0161 zahtjev, poslat \u0107emo vam obja\u0161njenje o tome za\u0161to nismo udovoljili va\u0161em zahtjevu.<\/span><\/p>\n<p><b>Obavje\u0161\u0107ivanje o povredi osobnih podataka<\/b><\/p>\n<p><span style=\"font-weight: 400;\">U slu\u010daju povrede osobnih podataka obavijestit \u0107emo vas i nadle\u017eno nadzorno tijelo\u00a0 porukom e-po\u0161te u roku 72 sata o razmjerima povrede, obuhva\u0107enim podacima, mo\u017eebitnom utjecaju na na\u0161e usluge i na\u0161im planiranim mjerama za osiguranje podataka i ograni\u010denje bilo kakvih \u0161tetnih u\u010dinaka po pojedince.<\/span><\/p>\n<p><span style=\"font-weight: 400;\">Obavijest o povredi Vam ne\u0107emo poslati u slu\u010daju:<\/span><\/p>\n<ul>\n<li style=\"font-weight: 400;\" aria-level=\"1\"><span style=\"font-weight: 400;\">ako postoje tehni\u010dke i organizacijske mjere za\u0161tite (poput enkripcije) koje su primijenjene na osobne podatke pogo\u0111ene povredom osobnih podataka, koje te podatke \u010dine nerazumljiva bilo kojoj osobi koja im nije ovla\u0161tena pristupiti;<\/span><\/li>\n<li style=\"font-weight: 400;\" aria-level=\"1\"><span style=\"font-weight: 400;\">ako smo poduzeli naknadne mjere kojima se osigurava da vi\u0161e nije vjerojatno da \u0107e do\u0107i do visokog rizika za prava i slobode pojedinaca;<\/span><\/li>\n<li style=\"font-weight: 400;\" aria-level=\"1\"><span style=\"font-weight: 400;\">ako bi to iziskivalo nerazmjeran napor ( u tom slu\u010daju \u0107emo Vas obavijestiti putem sredstava javnog obavje\u0161\u0107ivanja ili sli\u010dne jednako djelotvorne mjere).<\/span><\/li>\n<\/ul>\n<p><span style=\"font-weight: 400;\">Povreda osobnih podataka zna\u010di povredu sigurnosti koja vodi do nenamjernog ili nezakonitog uni\u0161tenja, gubitka, izmjene, neautoriziranog otkrivanja ili pristupa osobnim podacima koji se prenose, \u010duvaju i obra\u0111uju u vezi s nu\u0111enjem na\u0161ih usluga.<\/span><\/p>\n<p><b>Va\u0161a privola<\/b><\/p>\n<p><span style=\"font-weight: 400;\">Kori\u0161tenjem ove web stranice dajete privolu na ovu politiku privatnosti.<\/span><\/p>\n<p><b>Promjene na\u0161e politike privatnosti<\/b><\/p>\n<p><span style=\"font-weight: 400;\">U slu\u010daju promjena na\u0161e politike privatnosti obavijestit \u0107emo vas o tome na ovoj stranici i a\u017eurirati datum izmjene politike privatnosti dolje kako slijedi.<\/span><\/p>\n<p><span style=\"font-weight: 400;\">Ova politika privatnosti je zadnji put izmijenjena <\/span><span style=\"font-weight: 400;\">31. o\u017eujka 2025.<\/span><span style=\"font-weight: 400;\"> godine.<\/span><\/p>\n<p><b>Pravo na pritu\u017ebu nadle\u017enom tijelu<\/b><\/p>\n<p><span style=\"font-weight: 400;\">U bilo kojem trenutku mo\u017eete poslati pritu\u017ebu nadzornom tijelu u vezi na\u0161eg skupljanja i obrade va\u0161ih osobnih podataka. U Republici Hrvatskoj pritu\u017ebu mo\u017eete podnijeti Agenciji za za\u0161titu osobnih podatka (AZOP).<\/span><\/p>\n","protected":false},"excerpt":{"rendered":"<p>Beccaccia d.o.o.\u00a0 (u nastavku \u201emi\u201c, \u201enama\u201c, \u201ena\u0161\u201c, itd.) je vlasnik web stranice beccaccia.hr (\u201eweb stranica\u201c). Stvorili smo ovu izjavu o privatnosti kako bismo pokazali da brinemo o privatnosti na\u0161ih korisnika te kako bismo ih informirali o na\u010dinima skupljanja i obrade osobnih podataka na ovoj web stranici. Molimo vas da ovu Izjavu pro\u010ditate pa\u017eljivo kako biste [&hellip;]<\/p>\n","protected":false},"author":1,"featured_media":0,"parent":0,"menu_order":0,"comment_status":"closed","ping_status":"closed","template":"","meta":{"_acf_changed":false,"footnotes":""},"class_list":["post-2014","page","type-page","status-publish","hentry"],"acf":[],"aioseo_notices":[],"_links":{"self":[{"href":"https:\/\/www.beccaccia.hr\/hr\/wp-json\/wp\/v2\/pages\/2014","targetHints":{"allow":["GET"]}}],"collection":[{"href":"https:\/\/www.beccaccia.hr\/hr\/wp-json\/wp\/v2\/pages"}],"about":[{"href":"https:\/\/www.beccaccia.hr\/hr\/wp-json\/wp\/v2\/types\/page"}],"author":[{"embeddable":true,"href":"https:\/\/www.beccaccia.hr\/hr\/wp-json\/wp\/v2\/users\/1"}],"replies":[{"embeddable":true,"href":"https:\/\/www.beccaccia.hr\/hr\/wp-json\/wp\/v2\/comments?post=2014"}],"version-history":[{"count":1,"href":"https:\/\/www.beccaccia.hr\/hr\/wp-json\/wp\/v2\/pages\/2014\/revisions"}],"predecessor-version":[{"id":2015,"href":"https:\/\/www.beccaccia.hr\/hr\/wp-json\/wp\/v2\/pages\/2014\/revisions\/2015"}],"wp:attachment":[{"href":"https:\/\/www.beccaccia.hr\/hr\/wp-json\/wp\/v2\/media?parent=2014"}],"curies":[{"name":"wp","href":"https:\/\/api.w.org\/{rel}","templated":true}]}}